{"version":"1.0","provider_name":"Fundaci\u00f3 Al\u00edcia","provider_url":"https:\/\/alicia.cat\/en\/","author_name":"Francesc Berengueras","author_url":"https:\/\/alicia.cat\/en\/author\/francesc-berengueras\/","title":"Plats de cullera i forquilla - Fundaci\u00f3 Al\u00edcia","type":"rich","width":600,"height":338,"html":"<blockquote class=\"wp-embedded-content\" data-secret=\"ak7IJmUdjV\"><a href=\"https:\/\/alicia.cat\/en\/alicia-publicacions\/plats-de-cullera-i-forquilla\/\">Plats de cullera i forquilla<\/a><\/blockquote><iframe sandbox=\"allow-scripts\" security=\"restricted\" src=\"https:\/\/alicia.cat\/en\/alicia-publicacions\/plats-de-cullera-i-forquilla\/embed\/#?secret=ak7IJmUdjV\" width=\"600\" height=\"338\" title=\"&#8220;Plats de cullera i forquilla&#8221; &#8212; Fundaci\u00f3 Al\u00edcia\" data-secret=\"ak7IJmUdjV\" frameborder=\"0\" marginwidth=\"0\" marginheight=\"0\" scrolling=\"no\" class=\"wp-embedded-content\"><\/iframe><script>\n\/*! This file is auto-generated *\/\n!function(d,l){\"use strict\";l.querySelector&&d.addEventListener&&\"undefined\"!=typeof URL&&(d.wp=d.wp||{},d.wp.receiveEmbedMessage||(d.wp.receiveEmbedMessage=function(e){var t=e.data;if((t||t.secret||t.message||t.value)&&!\/[^a-zA-Z0-9]\/.test(t.secret)){for(var s,r,n,a=l.querySelectorAll('iframe[data-secret=\"'+t.secret+'\"]'),o=l.querySelectorAll('blockquote[data-secret=\"'+t.secret+'\"]'),c=new RegExp(\"^https?:$\",\"i\"),i=0;i<o.length;i++)o[i].style.display=\"none\";for(i=0;i<a.length;i++)s=a[i],e.source===s.contentWindow&&(s.removeAttribute(\"style\"),\"height\"===t.message?(1e3<(r=parseInt(t.value,10))?r=1e3:~~r<200&&(r=200),s.height=r):\"link\"===t.message&&(r=new URL(s.getAttribute(\"src\")),n=new URL(t.value),c.test(n.protocol))&&n.host===r.host&&l.activeElement===s&&(d.top.location.href=t.value))}},d.addEventListener(\"message\",d.wp.receiveEmbedMessage,!1),l.addEventListener(\"DOMContentLoaded\",function(){for(var e,t,s=l.querySelectorAll(\"iframe.wp-embedded-content\"),r=0;r<s.length;r++)(t=(e=s[r]).getAttribute(\"data-secret\"))||(t=Math.random().toString(36).substring(2,12),e.src+=\"#?secret=\"+t,e.setAttribute(\"data-secret\",t)),e.contentWindow.postMessage({message:\"ready\",secret:t},\"*\")},!1)))}(window,document);\n\/\/# sourceURL=https:\/\/alicia.cat\/wp-includes\/js\/wp-embed.min.js\n<\/script>\n","thumbnail_url":"https:\/\/alicia.cat\/wp-content\/uploads\/2023\/04\/cullera.jpg","thumbnail_width":424,"thumbnail_height":510,"description":"Seguint la col\u00b7laboraci\u00f3 amb L\u00e9ku\u00e9 per dur a terme un projecte culinari que posa de manifest les noves tend\u00e8ncies en alimentaci\u00f3 saludable, en aquest llibre trobar\u00e0s receptes de cullera i forquilla, que seran el punt de partida per crear les teves pr\u00f2pies elaboracions amb un estoig de vapor en el microones."}