{"id":610,"date":"2015-10-16T11:17:00","date_gmt":"2015-10-16T09:17:00","guid":{"rendered":"https:\/\/alicia.cat\/publicacions\/guia-del-atun-guia-del-profesional\/"},"modified":"2023-04-24T11:19:08","modified_gmt":"2023-04-24T09:19:08","slug":"guia-del-atun-guia-del-profesional","status":"publish","type":"publicacions","link":"https:\/\/alicia.cat\/es\/alicia-publicacions\/guia-del-atun-guia-del-profesional\/","title":{"rendered":"Gu\u00eda del at\u00fan. Gu\u00eda del profesional"},"content":{"rendered":"\n<p>Gu\u00eda para profesionales del sector del at\u00fan rojo, uno de los pescados m\u00e1s valorados en nuestros d\u00edas tanto por su sabor como por sus propiedades nutritivas. Con el soporte del Grupo Balfeg\u00f3 y el Ayuntamiento de l\u2019Ametlla de Mar.<\/p>\n","protected":false},"featured_media":599,"template":"","categories_de_publicacions":[278],"etiquetes_de_publicacions":[738,387],"class_list":["post-610","publicacions","type-publicacions","status-publish","has-post-thumbnail","hentry","categories_de_publicacions-patrimonio-alimentario","etiquetes_de_publicacions-atun","etiquetes_de_publicacions-compra-es"],"yoast_head":"<!-- This site is optimized with the Yoast SEO plugin v26.9 - https:\/\/yoast.com\/product\/yoast-seo-wordpress\/ -->\n<title>Gu\u00eda del at\u00fan. Gu\u00eda del profesional - Fundaci\u00f3 Al\u00edcia<\/title>\n<meta name=\"robots\" content=\"index, follow, max-snippet:-1, max-image-preview:large, max-video-preview:-1\" \/>\n<link rel=\"canonical\" href=\"https:\/\/alicia.cat\/es\/alicia-publicacions\/guia-del-atun-guia-del-profesional\/\" \/>\n<meta property=\"og:locale\" content=\"es_ES\" \/>\n<meta property=\"og:type\" content=\"article\" \/>\n<meta property=\"og:title\" content=\"Gu\u00eda del at\u00fan. Gu\u00eda del profesional - Fundaci\u00f3 Al\u00edcia\" \/>\n<meta property=\"og:description\" content=\"Gu\u00eda para profesionales del sector del at\u00fan rojo, uno de los pescados m\u00e1s valorados en nuestros d\u00edas tanto por su sabor como por sus propiedades nutritivas. Con el soporte del Grupo Balfeg\u00f3 y el Ayuntamiento de l\u2019Ametlla de Mar.\" \/>\n<meta property=\"og:url\" content=\"https:\/\/alicia.cat\/es\/alicia-publicacions\/guia-del-atun-guia-del-profesional\/\" \/>\n<meta property=\"og:site_name\" content=\"Fundaci\u00f3 Al\u00edcia\" \/>\n<meta property=\"article:publisher\" content=\"https:\/\/www.facebook.com\/FUNDACIOALICIA\" \/>\n<meta property=\"article:modified_time\" content=\"2023-04-24T09:19:08+00:00\" \/>\n<meta property=\"og:image\" content=\"https:\/\/alicia.cat\/wp-content\/uploads\/2023\/04\/tonyina-2.png\" \/>\n\t<meta property=\"og:image:width\" content=\"315\" \/>\n\t<meta property=\"og:image:height\" content=\"160\" \/>\n\t<meta property=\"og:image:type\" content=\"image\/png\" \/>\n<meta name=\"twitter:card\" content=\"summary_large_image\" \/>\n<meta name=\"twitter:site\" content=\"@FundacioAlicia\" \/>\n<meta name=\"twitter:label1\" content=\"Tiempo de lectura\" \/>\n\t<meta name=\"twitter:data1\" content=\"1 minuto\" \/>\n<script type=\"application\/ld+json\" class=\"yoast-schema-graph\">{\"@context\":\"https:\/\/schema.org\",\"@graph\":[{\"@type\":\"WebPage\",\"@id\":\"https:\/\/alicia.cat\/es\/alicia-publicacions\/guia-del-atun-guia-del-profesional\/\",\"url\":\"https:\/\/alicia.cat\/es\/alicia-publicacions\/guia-del-atun-guia-del-profesional\/\",\"name\":\"Gu\u00eda del at\u00fan. Gu\u00eda del profesional - Fundaci\u00f3 Al\u00edcia\",\"isPartOf\":{\"@id\":\"https:\/\/alicia.cat\/es\/#website\"},\"primaryImageOfPage\":{\"@id\":\"https:\/\/alicia.cat\/es\/alicia-publicacions\/guia-del-atun-guia-del-profesional\/#primaryimage\"},\"image\":{\"@id\":\"https:\/\/alicia.cat\/es\/alicia-publicacions\/guia-del-atun-guia-del-profesional\/#primaryimage\"},\"thumbnailUrl\":\"https:\/\/alicia.cat\/wp-content\/uploads\/2023\/04\/tonyina-2.png\",\"datePublished\":\"2015-10-16T09:17:00+00:00\",\"dateModified\":\"2023-04-24T09:19:08+00:00\",\"breadcrumb\":{\"@id\":\"https:\/\/alicia.cat\/es\/alicia-publicacions\/guia-del-atun-guia-del-profesional\/#breadcrumb\"},\"inLanguage\":\"es\",\"potentialAction\":[{\"@type\":\"ReadAction\",\"target\":[\"https:\/\/alicia.cat\/es\/alicia-publicacions\/guia-del-atun-guia-del-profesional\/\"]}]},{\"@type\":\"ImageObject\",\"inLanguage\":\"es\",\"@id\":\"https:\/\/alicia.cat\/es\/alicia-publicacions\/guia-del-atun-guia-del-profesional\/#primaryimage\",\"url\":\"https:\/\/alicia.cat\/wp-content\/uploads\/2023\/04\/tonyina-2.png\",\"contentUrl\":\"https:\/\/alicia.cat\/wp-content\/uploads\/2023\/04\/tonyina-2.png\",\"width\":315,\"height\":160},{\"@type\":\"BreadcrumbList\",\"@id\":\"https:\/\/alicia.cat\/es\/alicia-publicacions\/guia-del-atun-guia-del-profesional\/#breadcrumb\",\"itemListElement\":[{\"@type\":\"ListItem\",\"position\":1,\"name\":\"Inici\",\"item\":\"https:\/\/alicia.cat\/es\/\"},{\"@type\":\"ListItem\",\"position\":2,\"name\":\"Publicacions\",\"item\":\"https:\/\/alicia.cat\/es\/alicia-publicacions\/\"},{\"@type\":\"ListItem\",\"position\":3,\"name\":\"Gu\u00eda del at\u00fan. Gu\u00eda del profesional\"}]},{\"@type\":\"WebSite\",\"@id\":\"https:\/\/alicia.cat\/es\/#website\",\"url\":\"https:\/\/alicia.cat\/es\/\",\"name\":\"Fundaci\u00f3 Al\u00edcia\",\"description\":\"\",\"publisher\":{\"@id\":\"https:\/\/alicia.cat\/es\/#organization\"},\"potentialAction\":[{\"@type\":\"SearchAction\",\"target\":{\"@type\":\"EntryPoint\",\"urlTemplate\":\"https:\/\/alicia.cat\/es\/?s={search_term_string}\"},\"query-input\":{\"@type\":\"PropertyValueSpecification\",\"valueRequired\":true,\"valueName\":\"search_term_string\"}}],\"inLanguage\":\"es\"},{\"@type\":\"Organization\",\"@id\":\"https:\/\/alicia.cat\/es\/#organization\",\"name\":\"Fundaci\u00f3 Al\u00edcia\",\"alternateName\":\"Al\u00edcia\",\"url\":\"https:\/\/alicia.cat\/es\/\",\"logo\":{\"@type\":\"ImageObject\",\"inLanguage\":\"es\",\"@id\":\"https:\/\/alicia.cat\/es\/#\/schema\/logo\/image\/\",\"url\":\"https:\/\/alicia.cat\/wp-content\/uploads\/2023\/02\/logo_alicia.svg\",\"contentUrl\":\"https:\/\/alicia.cat\/wp-content\/uploads\/2023\/02\/logo_alicia.svg\",\"width\":240,\"height\":50,\"caption\":\"Fundaci\u00f3 Al\u00edcia\"},\"image\":{\"@id\":\"https:\/\/alicia.cat\/es\/#\/schema\/logo\/image\/\"},\"sameAs\":[\"https:\/\/www.facebook.com\/FUNDACIOALICIA\",\"https:\/\/x.com\/FundacioAlicia\",\"https:\/\/www.instagram.com\/fundacioalicia\/\",\"https:\/\/www.linkedin.com\/company\/fundacionalicia\/\",\"https:\/\/www.youtube.com\/FundacioAlicia\"]}]}<\/script>\n<!-- \/ Yoast SEO plugin. -->","yoast_head_json":{"title":"Gu\u00eda del at\u00fan. Gu\u00eda del profesional - Fundaci\u00f3 Al\u00edcia","robots":{"index":"index","follow":"follow","max-snippet":"max-snippet:-1","max-image-preview":"max-image-preview:large","max-video-preview":"max-video-preview:-1"},"canonical":"https:\/\/alicia.cat\/es\/alicia-publicacions\/guia-del-atun-guia-del-profesional\/","og_locale":"es_ES","og_type":"article","og_title":"Gu\u00eda del at\u00fan. Gu\u00eda del profesional - Fundaci\u00f3 Al\u00edcia","og_description":"Gu\u00eda para profesionales del sector del at\u00fan rojo, uno de los pescados m\u00e1s valorados en nuestros d\u00edas tanto por su sabor como por sus propiedades nutritivas. Con el soporte del Grupo Balfeg\u00f3 y el Ayuntamiento de l\u2019Ametlla de Mar.","og_url":"https:\/\/alicia.cat\/es\/alicia-publicacions\/guia-del-atun-guia-del-profesional\/","og_site_name":"Fundaci\u00f3 Al\u00edcia","article_publisher":"https:\/\/www.facebook.com\/FUNDACIOALICIA","article_modified_time":"2023-04-24T09:19:08+00:00","og_image":[{"width":315,"height":160,"url":"https:\/\/alicia.cat\/wp-content\/uploads\/2023\/04\/tonyina-2.png","type":"image\/png"}],"twitter_card":"summary_large_image","twitter_site":"@FundacioAlicia","twitter_misc":{"Tiempo de lectura":"1 minuto"},"schema":{"@context":"https:\/\/schema.org","@graph":[{"@type":"WebPage","@id":"https:\/\/alicia.cat\/es\/alicia-publicacions\/guia-del-atun-guia-del-profesional\/","url":"https:\/\/alicia.cat\/es\/alicia-publicacions\/guia-del-atun-guia-del-profesional\/","name":"Gu\u00eda del at\u00fan. Gu\u00eda del profesional - Fundaci\u00f3 Al\u00edcia","isPartOf":{"@id":"https:\/\/alicia.cat\/es\/#website"},"primaryImageOfPage":{"@id":"https:\/\/alicia.cat\/es\/alicia-publicacions\/guia-del-atun-guia-del-profesional\/#primaryimage"},"image":{"@id":"https:\/\/alicia.cat\/es\/alicia-publicacions\/guia-del-atun-guia-del-profesional\/#primaryimage"},"thumbnailUrl":"https:\/\/alicia.cat\/wp-content\/uploads\/2023\/04\/tonyina-2.png","datePublished":"2015-10-16T09:17:00+00:00","dateModified":"2023-04-24T09:19:08+00:00","breadcrumb":{"@id":"https:\/\/alicia.cat\/es\/alicia-publicacions\/guia-del-atun-guia-del-profesional\/#breadcrumb"},"inLanguage":"es","potentialAction":[{"@type":"ReadAction","target":["https:\/\/alicia.cat\/es\/alicia-publicacions\/guia-del-atun-guia-del-profesional\/"]}]},{"@type":"ImageObject","inLanguage":"es","@id":"https:\/\/alicia.cat\/es\/alicia-publicacions\/guia-del-atun-guia-del-profesional\/#primaryimage","url":"https:\/\/alicia.cat\/wp-content\/uploads\/2023\/04\/tonyina-2.png","contentUrl":"https:\/\/alicia.cat\/wp-content\/uploads\/2023\/04\/tonyina-2.png","width":315,"height":160},{"@type":"BreadcrumbList","@id":"https:\/\/alicia.cat\/es\/alicia-publicacions\/guia-del-atun-guia-del-profesional\/#breadcrumb","itemListElement":[{"@type":"ListItem","position":1,"name":"Inici","item":"https:\/\/alicia.cat\/es\/"},{"@type":"ListItem","position":2,"name":"Publicacions","item":"https:\/\/alicia.cat\/es\/alicia-publicacions\/"},{"@type":"ListItem","position":3,"name":"Gu\u00eda del at\u00fan. Gu\u00eda del profesional"}]},{"@type":"WebSite","@id":"https:\/\/alicia.cat\/es\/#website","url":"https:\/\/alicia.cat\/es\/","name":"Fundaci\u00f3 Al\u00edcia","description":"","publisher":{"@id":"https:\/\/alicia.cat\/es\/#organization"},"potentialAction":[{"@type":"SearchAction","target":{"@type":"EntryPoint","urlTemplate":"https:\/\/alicia.cat\/es\/?s={search_term_string}"},"query-input":{"@type":"PropertyValueSpecification","valueRequired":true,"valueName":"search_term_string"}}],"inLanguage":"es"},{"@type":"Organization","@id":"https:\/\/alicia.cat\/es\/#organization","name":"Fundaci\u00f3 Al\u00edcia","alternateName":"Al\u00edcia","url":"https:\/\/alicia.cat\/es\/","logo":{"@type":"ImageObject","inLanguage":"es","@id":"https:\/\/alicia.cat\/es\/#\/schema\/logo\/image\/","url":"https:\/\/alicia.cat\/wp-content\/uploads\/2023\/02\/logo_alicia.svg","contentUrl":"https:\/\/alicia.cat\/wp-content\/uploads\/2023\/02\/logo_alicia.svg","width":240,"height":50,"caption":"Fundaci\u00f3 Al\u00edcia"},"image":{"@id":"https:\/\/alicia.cat\/es\/#\/schema\/logo\/image\/"},"sameAs":["https:\/\/www.facebook.com\/FUNDACIOALICIA","https:\/\/x.com\/FundacioAlicia","https:\/\/www.instagram.com\/fundacioalicia\/","https:\/\/www.linkedin.com\/company\/fundacionalicia\/","https:\/\/www.youtube.com\/FundacioAlicia"]}]}},"_links":{"self":[{"href":"https:\/\/alicia.cat\/es\/wp-json\/wp\/v2\/publicacions\/610","targetHints":{"allow":["GET"]}}],"collection":[{"href":"https:\/\/alicia.cat\/es\/wp-json\/wp\/v2\/publicacions"}],"about":[{"href":"https:\/\/alicia.cat\/es\/wp-json\/wp\/v2\/types\/publicacions"}],"wp:featuredmedia":[{"embeddable":true,"href":"https:\/\/alicia.cat\/es\/wp-json\/wp\/v2\/media\/599"}],"wp:attachment":[{"href":"https:\/\/alicia.cat\/es\/wp-json\/wp\/v2\/media?parent=610"}],"wp:term":[{"taxonomy":"categories_de_publicacions","embeddable":true,"href":"https:\/\/alicia.cat\/es\/wp-json\/wp\/v2\/categories_de_publicacions?post=610"},{"taxonomy":"etiquetes_de_publicacions","embeddable":true,"href":"https:\/\/alicia.cat\/es\/wp-json\/wp\/v2\/etiquetes_de_publicacions?post=610"}],"curies":[{"name":"wp","href":"https:\/\/api.w.org\/{rel}","templated":true}]}}